{"id":2,"date":"2017-06-20T10:54:59","date_gmt":"2017-06-20T08:54:59","guid":{"rendered":"http:\/\/www.ecoquartier-strasbourg.fr\/?page_id=2"},"modified":"2022-03-29T10:30:50","modified_gmt":"2022-03-29T08:30:50","slug":"publications","status":"publish","type":"page","link":"https:\/\/www.ecoquartier-strasbourg.fr\/index.php\/que-proposons-nous\/publications\/","title":{"rendered":"Publications"},"content":{"rendered":"<div class=\"mpl-content-wrap\"><div class=\"entry-content\">\n<p>Ouvrages publi\u00e9s par Eco-Quartier Strasbourg<\/p>\n<\/div>\n\n<div id=\"pl-gb2-69f5e334b65b8\"  class=\"panel-layout\" ><div id=\"pg-gb2-69f5e334b65b8-0\"  class=\"panel-grid panel-no-style\" ><div id=\"pgc-gb2-69f5e334b65b8-0-0\"  class=\"panel-grid-cell\" ><div id=\"panel-gb2-69f5e334b65b8-0-0-0\" class=\"so-panel widget widget_sow-image panel-first-child panel-last-child\" data-index=\"0\" ><div\n\t\t\t\n\t\t\tclass=\"so-widget-sow-image so-widget-sow-image-default-d6014b76747a-2\"\n\t\t\t\n\t\t>\n\n<div class=\"sow-image-container\">\n\t\t<img decoding=\"async\" src=\"https:\/\/www.ecoquartier-strasbourg.fr\/wp-content\/uploads\/2018\/02\/Capture-d\u2019e\u0301cran-2018-02-08-a\u0300-11.38.54-210x300.png\" width=\"210\" height=\"300\" srcset=\"https:\/\/www.ecoquartier-strasbourg.fr\/wp-content\/uploads\/2018\/02\/Capture-d\u2019e\u0301cran-2018-02-08-a\u0300-11.38.54-210x300.png 210w, https:\/\/www.ecoquartier-strasbourg.fr\/wp-content\/uploads\/2018\/02\/Capture-d\u2019e\u0301cran-2018-02-08-a\u0300-11.38.54-768x1095.png 768w, https:\/\/www.ecoquartier-strasbourg.fr\/wp-content\/uploads\/2018\/02\/Capture-d\u2019e\u0301cran-2018-02-08-a\u0300-11.38.54-718x1024.png 718w, https:\/\/www.ecoquartier-strasbourg.fr\/wp-content\/uploads\/2018\/02\/Capture-d\u2019e\u0301cran-2018-02-08-a\u0300-11.38.54-105x150.png 105w, https:\/\/www.ecoquartier-strasbourg.fr\/wp-content\/uploads\/2018\/02\/Capture-d\u2019e\u0301cran-2018-02-08-a\u0300-11.38.54.png 1202w\" sizes=\"(max-width: 210px) 100vw, 210px\" alt=\"guide copropri\u00e9t\u00e9 durable et partiicipative\" loading=\"lazy\" \t\tclass=\"so-widget-image\"\/>\n\t<\/div>\n\n<\/div><\/div><\/div><div id=\"pgc-gb2-69f5e334b65b8-0-1\"  class=\"panel-grid-cell\" ><div id=\"panel-gb2-69f5e334b65b8-0-1-0\" class=\"so-panel widget widget_sow-editor panel-first-child panel-last-child\" data-index=\"1\" ><div\n\t\t\t\n\t\t\tclass=\"so-widget-sow-editor so-widget-sow-editor-base\"\n\t\t\t\n\t\t>\n<div class=\"siteorigin-widget-tinymce textwidget\">\n\t<h6><strong><em data-rich-text-format-boundary=\"true\">Le Guide pratique pour une gestion durable et participative des copropri\u00e9t\u00e9s<\/em><\/strong><\/h6>\n<p>Un guide pratique in\u00e9dit pour embellir et faire \u00e9voluer sa copropri\u00e9t\u00e9 vers un fonctionnement plus participatif et \u00e9cologique. Accompagner la r\u00e9novation \u00e9nerg\u00e9tique, transformer un local \u00e0 v\u00e9los, encourager le compostage en pied d\u2019immeuble, r\u00e9cup\u00e9rer et r\u00e9utiliser l\u2019eau de pluie, g\u00e9rer des espaces communs \u00e0 plusieurs, d\u00e9velopper et g\u00e9n\u00e9rer de la coop\u00e9ration autour de son projet ou tout simplement favoriser le vivre-ensemble dans son immeuble\u2026 Ce guide pratique propose d\u2019aborder la vie en copropri\u00e9t\u00e9 sous un angle nouveau, en proposant des projets positifs valorisant le vivre-ensemble et le d\u00e9veloppement durable.<\/p>\n<p><a href=\"http:\/\/www.ecoquartier-strasbourg.fr\/index.php\/commande-publications\/\">Commander cet ouvrage<\/a><\/p>\n<\/div>\n<\/div><\/div><\/div><\/div><div id=\"pg-gb2-69f5e334b65b8-1\"  class=\"panel-grid panel-no-style\" ><div id=\"pgc-gb2-69f5e334b65b8-1-0\"  class=\"panel-grid-cell\" ><div id=\"panel-gb2-69f5e334b65b8-1-0-0\" class=\"so-panel widget widget_sow-image panel-first-child panel-last-child\" data-index=\"2\" ><div\n\t\t\t\n\t\t\tclass=\"so-widget-sow-image so-widget-sow-image-default-d6014b76747a-2\"\n\t\t\t\n\t\t>\n\n<div class=\"sow-image-container\">\n\t\t<img decoding=\"async\" src=\"https:\/\/www.ecoquartier-strasbourg.fr\/wp-content\/uploads\/2017\/06\/couv-AP.png\" width=\"300\" height=\"211\" srcset=\"https:\/\/www.ecoquartier-strasbourg.fr\/wp-content\/uploads\/2017\/06\/couv-AP.png 300w, https:\/\/www.ecoquartier-strasbourg.fr\/wp-content\/uploads\/2017\/06\/couv-AP-150x106.png 150w\" sizes=\"(max-width: 300px) 100vw, 300px\" alt=\"guide autopromotion\" loading=\"lazy\" \t\tclass=\"so-widget-image\"\/>\n\t<\/div>\n\n<\/div><\/div><\/div><div id=\"pgc-gb2-69f5e334b65b8-1-1\"  class=\"panel-grid-cell\" ><div id=\"panel-gb2-69f5e334b65b8-1-1-0\" class=\"so-panel widget widget_sow-editor panel-first-child panel-last-child\" data-index=\"3\" ><div\n\t\t\t\n\t\t\tclass=\"so-widget-sow-editor so-widget-sow-editor-base\"\n\t\t\t\n\t\t>\n<div class=\"siteorigin-widget-tinymce textwidget\">\n\t<h6><strong><em data-rich-text-format-boundary=\"true\">Le Guide pratique de l&rsquo;Autopromotion<\/em><\/strong><\/h6>\n<p>Ce guide pr\u00e9sente l&rsquo;autopromotion \u00e0 travers des projets en cours, couvrant les divers th\u00e8mes relatifs \u00e0 ce type d&rsquo;op\u00e9ration : aspects foncier, juridique et financier, dynamique de groupe, projet op\u00e9rationnel et suivi op\u00e9rationnel. Les informations sont illustr\u00e9es de t\u00e9moignages. Sa derni\u00e8re version int\u00e8gre les nouveaut\u00e9s apport\u00e9es par la loi ALUR.<\/p>\n<p><a href=\"http:\/\/www.ecoquartier-strasbourg.fr\/index.php\/commande-publications\/\">Commander cet ouvrage<\/a><\/p>\n<\/div>\n<\/div><\/div><\/div><\/div><div id=\"pg-gb2-69f5e334b65b8-2\"  class=\"panel-grid panel-no-style\" ><div id=\"pgc-gb2-69f5e334b65b8-2-0\"  class=\"panel-grid-cell\" ><div id=\"panel-gb2-69f5e334b65b8-2-0-0\" class=\"so-panel widget widget_sow-image panel-first-child panel-last-child\" data-index=\"4\" ><div\n\t\t\t\n\t\t\tclass=\"so-widget-sow-image so-widget-sow-image-default-d6014b76747a-2\"\n\t\t\t\n\t\t>\n\n<div class=\"sow-image-container\">\n\t\t<img decoding=\"async\" src=\"https:\/\/www.ecoquartier-strasbourg.fr\/wp-content\/uploads\/2017\/06\/113-e1516870862339.jpg\" width=\"162\" height=\"211\" sizes=\"(max-width: 162px) 100vw, 162px\" title=\"1+1=3\" alt=\"\" loading=\"lazy\" \t\tclass=\"so-widget-image\"\/>\n\t<\/div>\n\n<\/div><\/div><\/div><div id=\"pgc-gb2-69f5e334b65b8-2-1\"  class=\"panel-grid-cell\" ><div id=\"panel-gb2-69f5e334b65b8-2-1-0\" class=\"so-panel widget widget_sow-editor panel-first-child panel-last-child\" data-index=\"5\" ><div\n\t\t\t\n\t\t\tclass=\"so-widget-sow-editor so-widget-sow-editor-base\"\n\t\t\t\n\t\t>\n<div class=\"siteorigin-widget-tinymce textwidget\">\n\t<h6><strong><em data-rich-text-format-boundary=\"true\">Le film \u00ab\u00a01+1=3\u00a0\u00bb<\/em><\/strong><\/h6>\n<p>En 45 mn, ce film r\u00e9alis\u00e9 permet de comprendre ce qu&rsquo;est l&rsquo;habitat participatif. \u00a0Du montage de projet \u00e0 la construction jusqu&rsquo;au vivre ensemble, il met en regard les t\u00e9moignages de personnes engag\u00e9es dans plusieurs projets situ\u00e9s dans l&rsquo;Est de la France et notamment \u00e0 Strasbourg, ville fortement impliqu\u00e9e dans le d\u00e9veloppement de cette troisi\u00e8me voie d&rsquo;acc\u00e8s au logement.<\/p>\n<p><a href=\"http:\/\/www.ecoquartier-strasbourg.fr\/index.php\/commande-publications\/\">Commander cet ouvrage<\/a><\/p>\n<\/div>\n<\/div><\/div><\/div><\/div><div id=\"pg-gb2-69f5e334b65b8-3\"  class=\"panel-grid panel-no-style\" ><div id=\"pgc-gb2-69f5e334b65b8-3-0\"  class=\"panel-grid-cell\" ><div id=\"panel-gb2-69f5e334b65b8-3-0-0\" class=\"so-panel widget widget_sow-image panel-first-child panel-last-child\" data-index=\"6\" ><div\n\t\t\t\n\t\t\tclass=\"so-widget-sow-image so-widget-sow-image-default-d6014b76747a-2\"\n\t\t\t\n\t\t>\n\n<div class=\"sow-image-container\">\n\t\t<img decoding=\"async\" src=\"https:\/\/www.ecoquartier-strasbourg.fr\/wp-content\/uploads\/2022\/03\/Pre\u0301sentation-Jeu-HP-EQS-1.jpeg\" width=\"1358\" height=\"1682\" srcset=\"https:\/\/www.ecoquartier-strasbourg.fr\/wp-content\/uploads\/2022\/03\/Pre\u0301sentation-Jeu-HP-EQS-1.jpeg 1358w, https:\/\/www.ecoquartier-strasbourg.fr\/wp-content\/uploads\/2022\/03\/Pre\u0301sentation-Jeu-HP-EQS-1-242x300.jpeg 242w, https:\/\/www.ecoquartier-strasbourg.fr\/wp-content\/uploads\/2022\/03\/Pre\u0301sentation-Jeu-HP-EQS-1-827x1024.jpeg 827w, https:\/\/www.ecoquartier-strasbourg.fr\/wp-content\/uploads\/2022\/03\/Pre\u0301sentation-Jeu-HP-EQS-1-768x951.jpeg 768w, https:\/\/www.ecoquartier-strasbourg.fr\/wp-content\/uploads\/2022\/03\/Pre\u0301sentation-Jeu-HP-EQS-1-1240x1536.jpeg 1240w, https:\/\/www.ecoquartier-strasbourg.fr\/wp-content\/uploads\/2022\/03\/Pre\u0301sentation-Jeu-HP-EQS-1-121x150.jpeg 121w\" sizes=\"(max-width: 1358px) 100vw, 1358px\" title=\"Pre\u0301sentation Jeu HP EQS-1\" alt=\"\" loading=\"lazy\" \t\tclass=\"so-widget-image\"\/>\n\t<\/div>\n\n<\/div><\/div><\/div><div id=\"pgc-gb2-69f5e334b65b8-3-1\"  class=\"panel-grid-cell\" ><div id=\"panel-gb2-69f5e334b65b8-3-1-0\" class=\"so-panel widget widget_sow-editor panel-first-child panel-last-child\" data-index=\"7\" ><div\n\t\t\t\n\t\t\tclass=\"so-widget-sow-editor so-widget-sow-editor-base\"\n\t\t\t\n\t\t>\n<div class=\"siteorigin-widget-tinymce textwidget\">\n\t<h6><strong><em data-rich-text-format-boundary=\"true\"><b>Habitat Participatif &#8211; le jeu\u00a0<\/b><\/em><\/strong><\/h6>\n<p><span style=\"font-weight: 400;\">A vous qui entreprenez de vous lancer dans un projet d&rsquo;habitat participatif, ou qui souhaitez revivre l&rsquo;exp\u00e9rience d&rsquo;un projet en version acc\u00e9l\u00e9r\u00e9e, ce jeu est fait pour vous : <\/span><span style=\"font-weight: 400;\">Implantation, degr\u00e9 de participation, espaces partag\u00e9s, approche \u00e9cologique, style architectural, vie collective, transports\u2026 autant de d\u00e9cisions sur lesquelles il faudra arbitrer.<\/span><\/p>\n<p><span style=\"font-weight: 400;\"><a href=\"https:\/\/drive.google.com\/file\/d\/10qucOa7RKz1fCcVzW9zTV4v2jBUNajbC\/view\">Coop\u00e9rez, explorez, et d\u00e9cidez ensemble de l&rsquo;identit\u00e9 que prendra votre proje<\/a>t !<\/span><\/p>\n<p><span style=\"font-weight: 400;\">Le jeu de l&rsquo;habitat participatif d\u00e9velopp\u00e9 par Eco-Quartier Strasbourg est un outil d&rsquo;animation et de jeux pour sensibiliser les groupes aux diff\u00e9rentes facettes d&rsquo;un projet.\u00a0<\/span><\/p>\n<p><a href=\"http:\/\/www.ecoquartier-strasbourg.fr\/index.php\/commande-publications\/\">Commander cet ouvrage<\/a><\/p>\n<\/div>\n<\/div><\/div><\/div><\/div><div id=\"pg-gb2-69f5e334b65b8-4\"  class=\"panel-grid panel-no-style\" ><div id=\"pgc-gb2-69f5e334b65b8-4-0\"  class=\"panel-grid-cell\" ><div id=\"panel-gb2-69f5e334b65b8-4-0-0\" class=\"so-panel widget widget_sow-editor panel-first-child panel-last-child\" data-index=\"8\" ><div\n\t\t\t\n\t\t\tclass=\"so-widget-sow-editor so-widget-sow-editor-base\"\n\t\t\t\n\t\t>\n<div class=\"siteorigin-widget-tinymce textwidget\">\n\t<p style=\"text-align: center;\"><strong data-rich-text-format-boundary=\"true\">Pour commander l&rsquo;un de ces ouvrages aupr\u00e8s d&rsquo;Ecoquartier Strasbourg, <\/strong><\/p>\n<p style=\"text-align: center;\"><strong data-rich-text-format-boundary=\"true\">merci de renseigner le <a href=\"https:\/\/www.ecoquartier-strasbourg.fr\/index.php\/commande-publications\/\">formulaire de commande.<\/a><\/strong><\/p>\n<p>&nbsp;<\/p>\n<\/div>\n<\/div><\/div><\/div><\/div><\/div><\/div>","protected":false},"excerpt":{"rendered":"<p>Ouvrages publi\u00e9s par Eco-Quartier Strasbourg<\/p>\n<p> <a class=\"continue-reading-link\" href=\"https:\/\/www.ecoquartier-strasbourg.fr\/index.php\/que-proposons-nous\/publications\/\"><span>Lire la suite<\/span><i class=\"crycon-right-dir\"><\/i><\/a> <\/p>\n","protected":false},"author":1,"featured_media":111,"parent":151,"menu_order":1,"comment_status":"closed","ping_status":"open","template":"","meta":{"footnotes":""},"yoast_head":"<!-- This site is optimized with the Yoast SEO plugin v22.6 - https:\/\/yoast.com\/wordpress\/plugins\/seo\/ -->\n<title>Publications - Eco-quartier Strasbourg<\/title>\n<meta name=\"description\" content=\"Retrouvez tous les ouvrages de l&#039;association Eco-Quartier Strasbourg. 20 ans d&#039;exp\u00e9riences dans les dynamiques collectives et les initiatives citoyennes.\" \/>\n<meta name=\"robots\" content=\"index, follow, max-snippet:-1, max-image-preview:large, max-video-preview:-1\" \/>\n<link rel=\"canonical\" href=\"http:\/\/www.ecoquartier-strasbourg.fr\/index.php\/que-proposons-nous\/publications\/\" \/>\n<meta property=\"og:locale\" content=\"fr_FR\" \/>\n<meta property=\"og:type\" content=\"article\" \/>\n<meta property=\"og:title\" content=\"Publications - Eco-quartier Strasbourg\" \/>\n<meta property=\"og:description\" content=\"Retrouvez tous les ouvrages de l&#039;association Eco-Quartier Strasbourg. 20 ans d&#039;exp\u00e9riences dans les dynamiques collectives et les initiatives citoyennes.\" \/>\n<meta property=\"og:url\" content=\"http:\/\/www.ecoquartier-strasbourg.fr\/index.php\/que-proposons-nous\/publications\/\" \/>\n<meta property=\"og:site_name\" content=\"Eco-quartier Strasbourg\" \/>\n<meta property=\"article:publisher\" content=\"https:\/\/www.facebook.com\/ecoquartierstras\/\" \/>\n<meta property=\"article:modified_time\" content=\"2022-03-29T08:30:50+00:00\" \/>\n<meta property=\"og:image\" content=\"http:\/\/www.ecoquartier-strasbourg.fr\/wp-content\/uploads\/2017\/06\/couv-AP.png\" \/>\n\t<meta property=\"og:image:width\" content=\"300\" \/>\n\t<meta property=\"og:image:height\" content=\"211\" \/>\n\t<meta property=\"og:image:type\" content=\"image\/png\" \/>\n<meta name=\"twitter:card\" content=\"summary_large_image\" \/>\n<meta name=\"twitter:label1\" content=\"Dur\u00e9e de lecture estim\u00e9e\" \/>\n\t<meta name=\"twitter:data1\" content=\"4 minutes\" \/>\n<script type=\"application\/ld+json\" class=\"yoast-schema-graph\">{\"@context\":\"https:\/\/schema.org\",\"@graph\":[{\"@type\":\"WebPage\",\"@id\":\"http:\/\/www.ecoquartier-strasbourg.fr\/index.php\/que-proposons-nous\/publications\/\",\"url\":\"http:\/\/www.ecoquartier-strasbourg.fr\/index.php\/que-proposons-nous\/publications\/\",\"name\":\"Publications - Eco-quartier Strasbourg\",\"isPartOf\":{\"@id\":\"http:\/\/www.ecoquartier-strasbourg.fr\/#website\"},\"primaryImageOfPage\":{\"@id\":\"http:\/\/www.ecoquartier-strasbourg.fr\/index.php\/que-proposons-nous\/publications\/#primaryimage\"},\"image\":{\"@id\":\"http:\/\/www.ecoquartier-strasbourg.fr\/index.php\/que-proposons-nous\/publications\/#primaryimage\"},\"thumbnailUrl\":\"https:\/\/www.ecoquartier-strasbourg.fr\/wp-content\/uploads\/2017\/06\/couv-AP.png\",\"datePublished\":\"2017-06-20T08:54:59+00:00\",\"dateModified\":\"2022-03-29T08:30:50+00:00\",\"description\":\"Retrouvez tous les ouvrages de l'association Eco-Quartier Strasbourg. 20 ans d'exp\u00e9riences dans les dynamiques collectives et les initiatives citoyennes.\",\"breadcrumb\":{\"@id\":\"http:\/\/www.ecoquartier-strasbourg.fr\/index.php\/que-proposons-nous\/publications\/#breadcrumb\"},\"inLanguage\":\"fr-FR\",\"potentialAction\":[{\"@type\":\"ReadAction\",\"target\":[\"http:\/\/www.ecoquartier-strasbourg.fr\/index.php\/que-proposons-nous\/publications\/\"]}]},{\"@type\":\"ImageObject\",\"inLanguage\":\"fr-FR\",\"@id\":\"http:\/\/www.ecoquartier-strasbourg.fr\/index.php\/que-proposons-nous\/publications\/#primaryimage\",\"url\":\"https:\/\/www.ecoquartier-strasbourg.fr\/wp-content\/uploads\/2017\/06\/couv-AP.png\",\"contentUrl\":\"https:\/\/www.ecoquartier-strasbourg.fr\/wp-content\/uploads\/2017\/06\/couv-AP.png\",\"width\":300,\"height\":211,\"caption\":\"guide autopromotion\"},{\"@type\":\"BreadcrumbList\",\"@id\":\"http:\/\/www.ecoquartier-strasbourg.fr\/index.php\/que-proposons-nous\/publications\/#breadcrumb\",\"itemListElement\":[{\"@type\":\"ListItem\",\"position\":1,\"name\":\"Accueil\",\"item\":\"http:\/\/www.ecoquartier-strasbourg.fr\/\"},{\"@type\":\"ListItem\",\"position\":2,\"name\":\"Que proposons-nous ?\",\"item\":\"http:\/\/www.ecoquartier-strasbourg.fr\/index.php\/que-proposons-nous\/\"},{\"@type\":\"ListItem\",\"position\":3,\"name\":\"Publications\"}]},{\"@type\":\"WebSite\",\"@id\":\"http:\/\/www.ecoquartier-strasbourg.fr\/#website\",\"url\":\"http:\/\/www.ecoquartier-strasbourg.fr\/\",\"name\":\"Eco-quartier Strasbourg\",\"description\":\"association citoyenne pour un mode de vie durable et \u00e9conome en ressources\",\"publisher\":{\"@id\":\"http:\/\/www.ecoquartier-strasbourg.fr\/#organization\"},\"potentialAction\":[{\"@type\":\"SearchAction\",\"target\":{\"@type\":\"EntryPoint\",\"urlTemplate\":\"http:\/\/www.ecoquartier-strasbourg.fr\/?s={search_term_string}\"},\"query-input\":\"required name=search_term_string\"}],\"inLanguage\":\"fr-FR\"},{\"@type\":\"Organization\",\"@id\":\"http:\/\/www.ecoquartier-strasbourg.fr\/#organization\",\"name\":\"Eco-Quartier Strasbourg\",\"url\":\"http:\/\/www.ecoquartier-strasbourg.fr\/\",\"logo\":{\"@type\":\"ImageObject\",\"inLanguage\":\"fr-FR\",\"@id\":\"http:\/\/www.ecoquartier-strasbourg.fr\/#\/schema\/logo\/image\/\",\"url\":\"https:\/\/www.ecoquartier-strasbourg.fr\/wp-content\/uploads\/2017\/06\/ROND-LOGO-EQS.png\",\"contentUrl\":\"https:\/\/www.ecoquartier-strasbourg.fr\/wp-content\/uploads\/2017\/06\/ROND-LOGO-EQS.png\",\"width\":284,\"height\":283,\"caption\":\"Eco-Quartier Strasbourg\"},\"image\":{\"@id\":\"http:\/\/www.ecoquartier-strasbourg.fr\/#\/schema\/logo\/image\/\"},\"sameAs\":[\"https:\/\/www.facebook.com\/ecoquartierstras\/\",\"https:\/\/www.youtube.com\/channel\/UCiBoGfYTElpjX9ESJJPeY3g\/playlists\"]}]}<\/script>\n<!-- \/ Yoast SEO plugin. -->","yoast_head_json":{"title":"Publications - Eco-quartier Strasbourg","description":"Retrouvez tous les ouvrages de l'association Eco-Quartier Strasbourg. 20 ans d'exp\u00e9riences dans les dynamiques collectives et les initiatives citoyennes.","robots":{"index":"index","follow":"follow","max-snippet":"max-snippet:-1","max-image-preview":"max-image-preview:large","max-video-preview":"max-video-preview:-1"},"canonical":"http:\/\/www.ecoquartier-strasbourg.fr\/index.php\/que-proposons-nous\/publications\/","og_locale":"fr_FR","og_type":"article","og_title":"Publications - Eco-quartier Strasbourg","og_description":"Retrouvez tous les ouvrages de l'association Eco-Quartier Strasbourg. 20 ans d'exp\u00e9riences dans les dynamiques collectives et les initiatives citoyennes.","og_url":"http:\/\/www.ecoquartier-strasbourg.fr\/index.php\/que-proposons-nous\/publications\/","og_site_name":"Eco-quartier Strasbourg","article_publisher":"https:\/\/www.facebook.com\/ecoquartierstras\/","article_modified_time":"2022-03-29T08:30:50+00:00","og_image":[{"width":300,"height":211,"url":"http:\/\/www.ecoquartier-strasbourg.fr\/wp-content\/uploads\/2017\/06\/couv-AP.png","type":"image\/png"}],"twitter_card":"summary_large_image","twitter_misc":{"Dur\u00e9e de lecture estim\u00e9e":"4 minutes"},"schema":{"@context":"https:\/\/schema.org","@graph":[{"@type":"WebPage","@id":"http:\/\/www.ecoquartier-strasbourg.fr\/index.php\/que-proposons-nous\/publications\/","url":"http:\/\/www.ecoquartier-strasbourg.fr\/index.php\/que-proposons-nous\/publications\/","name":"Publications - Eco-quartier Strasbourg","isPartOf":{"@id":"http:\/\/www.ecoquartier-strasbourg.fr\/#website"},"primaryImageOfPage":{"@id":"http:\/\/www.ecoquartier-strasbourg.fr\/index.php\/que-proposons-nous\/publications\/#primaryimage"},"image":{"@id":"http:\/\/www.ecoquartier-strasbourg.fr\/index.php\/que-proposons-nous\/publications\/#primaryimage"},"thumbnailUrl":"https:\/\/www.ecoquartier-strasbourg.fr\/wp-content\/uploads\/2017\/06\/couv-AP.png","datePublished":"2017-06-20T08:54:59+00:00","dateModified":"2022-03-29T08:30:50+00:00","description":"Retrouvez tous les ouvrages de l'association Eco-Quartier Strasbourg. 20 ans d'exp\u00e9riences dans les dynamiques collectives et les initiatives citoyennes.","breadcrumb":{"@id":"http:\/\/www.ecoquartier-strasbourg.fr\/index.php\/que-proposons-nous\/publications\/#breadcrumb"},"inLanguage":"fr-FR","potentialAction":[{"@type":"ReadAction","target":["http:\/\/www.ecoquartier-strasbourg.fr\/index.php\/que-proposons-nous\/publications\/"]}]},{"@type":"ImageObject","inLanguage":"fr-FR","@id":"http:\/\/www.ecoquartier-strasbourg.fr\/index.php\/que-proposons-nous\/publications\/#primaryimage","url":"https:\/\/www.ecoquartier-strasbourg.fr\/wp-content\/uploads\/2017\/06\/couv-AP.png","contentUrl":"https:\/\/www.ecoquartier-strasbourg.fr\/wp-content\/uploads\/2017\/06\/couv-AP.png","width":300,"height":211,"caption":"guide autopromotion"},{"@type":"BreadcrumbList","@id":"http:\/\/www.ecoquartier-strasbourg.fr\/index.php\/que-proposons-nous\/publications\/#breadcrumb","itemListElement":[{"@type":"ListItem","position":1,"name":"Accueil","item":"http:\/\/www.ecoquartier-strasbourg.fr\/"},{"@type":"ListItem","position":2,"name":"Que proposons-nous ?","item":"http:\/\/www.ecoquartier-strasbourg.fr\/index.php\/que-proposons-nous\/"},{"@type":"ListItem","position":3,"name":"Publications"}]},{"@type":"WebSite","@id":"http:\/\/www.ecoquartier-strasbourg.fr\/#website","url":"http:\/\/www.ecoquartier-strasbourg.fr\/","name":"Eco-quartier Strasbourg","description":"association citoyenne pour un mode de vie durable et \u00e9conome en ressources","publisher":{"@id":"http:\/\/www.ecoquartier-strasbourg.fr\/#organization"},"potentialAction":[{"@type":"SearchAction","target":{"@type":"EntryPoint","urlTemplate":"http:\/\/www.ecoquartier-strasbourg.fr\/?s={search_term_string}"},"query-input":"required name=search_term_string"}],"inLanguage":"fr-FR"},{"@type":"Organization","@id":"http:\/\/www.ecoquartier-strasbourg.fr\/#organization","name":"Eco-Quartier Strasbourg","url":"http:\/\/www.ecoquartier-strasbourg.fr\/","logo":{"@type":"ImageObject","inLanguage":"fr-FR","@id":"http:\/\/www.ecoquartier-strasbourg.fr\/#\/schema\/logo\/image\/","url":"https:\/\/www.ecoquartier-strasbourg.fr\/wp-content\/uploads\/2017\/06\/ROND-LOGO-EQS.png","contentUrl":"https:\/\/www.ecoquartier-strasbourg.fr\/wp-content\/uploads\/2017\/06\/ROND-LOGO-EQS.png","width":284,"height":283,"caption":"Eco-Quartier Strasbourg"},"image":{"@id":"http:\/\/www.ecoquartier-strasbourg.fr\/#\/schema\/logo\/image\/"},"sameAs":["https:\/\/www.facebook.com\/ecoquartierstras\/","https:\/\/www.youtube.com\/channel\/UCiBoGfYTElpjX9ESJJPeY3g\/playlists"]}]}},"_links":{"self":[{"href":"https:\/\/www.ecoquartier-strasbourg.fr\/index.php\/wp-json\/wp\/v2\/pages\/2"}],"collection":[{"href":"https:\/\/www.ecoquartier-strasbourg.fr\/index.php\/wp-json\/wp\/v2\/pages"}],"about":[{"href":"https:\/\/www.ecoquartier-strasbourg.fr\/index.php\/wp-json\/wp\/v2\/types\/page"}],"author":[{"embeddable":true,"href":"https:\/\/www.ecoquartier-strasbourg.fr\/index.php\/wp-json\/wp\/v2\/users\/1"}],"replies":[{"embeddable":true,"href":"https:\/\/www.ecoquartier-strasbourg.fr\/index.php\/wp-json\/wp\/v2\/comments?post=2"}],"version-history":[{"count":16,"href":"https:\/\/www.ecoquartier-strasbourg.fr\/index.php\/wp-json\/wp\/v2\/pages\/2\/revisions"}],"predecessor-version":[{"id":1149,"href":"https:\/\/www.ecoquartier-strasbourg.fr\/index.php\/wp-json\/wp\/v2\/pages\/2\/revisions\/1149"}],"up":[{"embeddable":true,"href":"https:\/\/www.ecoquartier-strasbourg.fr\/index.php\/wp-json\/wp\/v2\/pages\/151"}],"wp:featuredmedia":[{"embeddable":true,"href":"https:\/\/www.ecoquartier-strasbourg.fr\/index.php\/wp-json\/wp\/v2\/media\/111"}],"wp:attachment":[{"href":"https:\/\/www.ecoquartier-strasbourg.fr\/index.php\/wp-json\/wp\/v2\/media?parent=2"}],"curies":[{"name":"wp","href":"https:\/\/api.w.org\/{rel}","templated":true}]}}