{"id":167,"date":"2017-06-21T10:43:57","date_gmt":"2017-06-21T08:43:57","guid":{"rendered":"http:\/\/www.ecoquartier-strasbourg.fr\/?page_id=167"},"modified":"2024-01-25T18:35:32","modified_gmt":"2024-01-25T17:35:32","slug":"formation","status":"publish","type":"page","link":"https:\/\/www.ecoquartier-strasbourg.fr\/index.php\/formation\/","title":{"rendered":"Formations"},"content":{"rendered":"<div class=\"mpl-content-wrap\"><p>Nous transmettons avec plaisir et joie notre exp\u00e9rience et nos apprentissages dans<br \/>\n&#8211; l&rsquo;animation et la facilitation de projets collectifs<br \/>\n&#8211; les outils d&rsquo;intelligence collective<br \/>\n&#8211; la facilitation graphique<br \/>\n&#8211; le montage d&rsquo;un projet d&rsquo;habitat participatif (les diff\u00e9rentes formes juridiques, le montage financier d\u2019une op\u00e9ration d\u2019HP, les coop\u00e9ratives d\u2019habitants, la transformation de la SCIA \u00e0 la copro&#8230;)<br \/>\n&#8211; la gouvernance partag\u00e9e (gestion par consentement, \u00e9lection sans candidat, comment mettre en place et faire vivre une gouvernance partag\u00e9e)<br \/>\n&#8211; la gestion de conflit (cercle restauratif, m\u00e9diation, la Communication Non Violente)<br \/>\n&#8211; Etat des lieux de son groupe\/projet, outils de diagnostic pour mieux avancer<br \/>\n&#8211; choisir son architecte \/ La co-ma\u00eetrise d\u2019ouvrage<br \/>\n&#8211; l\u2019habitat participatif et la r\u00e9novation \/ l\u2019auto-construction \/ l\u2019auto-r\u00e9habilitation<br \/>\n&#8211; du bon usage des outils de communication \u00e9lectronique au sein d\u2019un groupe (pendant le projet et apr\u00e8s)<\/p>\n<p>Contactez-nous pour vos demandes sp\u00e9cifiques \u00e0 association@ecoquartier-strasbourg.fr<\/p>\n<h2><\/h2>\n<div id=\"attachment_431\" style=\"width: 210px\" class=\"wp-caption alignleft\"><img aria-describedby=\"caption-attachment-431\" decoding=\"async\" loading=\"lazy\" class=\"wp-image-431 size-medium\" src=\"http:\/\/www.ecoquartier-strasbourg.fr\/wp-content\/uploads\/2017\/06\/IMG_1470-200x300.jpg\" alt=\"\" width=\"200\" height=\"300\" srcset=\"https:\/\/www.ecoquartier-strasbourg.fr\/wp-content\/uploads\/2017\/06\/IMG_1470-200x300.jpg 200w, https:\/\/www.ecoquartier-strasbourg.fr\/wp-content\/uploads\/2017\/06\/IMG_1470-768x1152.jpg 768w, https:\/\/www.ecoquartier-strasbourg.fr\/wp-content\/uploads\/2017\/06\/IMG_1470-683x1024.jpg 683w, https:\/\/www.ecoquartier-strasbourg.fr\/wp-content\/uploads\/2017\/06\/IMG_1470-100x150.jpg 100w, https:\/\/www.ecoquartier-strasbourg.fr\/wp-content\/uploads\/2017\/06\/IMG_1470.jpg 1728w\" sizes=\"(max-width: 200px) 100vw, 200px\" \/><p id=\"caption-attachment-431\" class=\"wp-caption-text\">formation de facilitation graphique<\/p><\/div>\n<\/div>","protected":false},"excerpt":{"rendered":"<p>Nous transmettons avec plaisir et joie notre exp\u00e9rience et nos apprentissages dans &#8211; l&rsquo;animation et la facilitation de projets collectifs &#8211; les outils d&rsquo;intelligence collective &#8211; la facilitation graphique &#8211; le montage d&rsquo;un projet d&rsquo;habitat participatif (les diff\u00e9rentes formes juridiques, le montage financier d\u2019une op\u00e9ration d\u2019HP, les coop\u00e9ratives d\u2019habitants, la\u2026<\/p>\n<p> <a class=\"continue-reading-link\" href=\"https:\/\/www.ecoquartier-strasbourg.fr\/index.php\/formation\/\"><span>Lire la suite<\/span><i class=\"crycon-right-dir\"><\/i><\/a> <\/p>\n","protected":false},"author":1,"featured_media":0,"parent":0,"menu_order":0,"comment_status":"closed","ping_status":"closed","template":"","meta":{"footnotes":""},"yoast_head":"<!-- This site is optimized with the Yoast SEO plugin v22.6 - https:\/\/yoast.com\/wordpress\/plugins\/seo\/ -->\n<title>Formations - Eco-quartier Strasbourg<\/title>\n<meta name=\"robots\" content=\"index, follow, max-snippet:-1, max-image-preview:large, max-video-preview:-1\" \/>\n<link rel=\"canonical\" href=\"https:\/\/www.ecoquartier-strasbourg.fr\/index.php\/formation\/\" \/>\n<meta property=\"og:locale\" content=\"fr_FR\" \/>\n<meta property=\"og:type\" content=\"article\" \/>\n<meta property=\"og:title\" content=\"Formations - Eco-quartier Strasbourg\" \/>\n<meta property=\"og:description\" content=\"Nous transmettons avec plaisir et joie notre exp\u00e9rience et nos apprentissages dans &#8211; l&rsquo;animation et la facilitation de projets collectifs &#8211; les outils d&rsquo;intelligence collective &#8211; la facilitation graphique &#8211; le montage d&rsquo;un projet d&rsquo;habitat participatif (les diff\u00e9rentes formes juridiques, le montage financier d\u2019une op\u00e9ration d\u2019HP, les coop\u00e9ratives d\u2019habitants, la\u2026 Lire la suite\" \/>\n<meta property=\"og:url\" content=\"https:\/\/www.ecoquartier-strasbourg.fr\/index.php\/formation\/\" \/>\n<meta property=\"og:site_name\" content=\"Eco-quartier Strasbourg\" \/>\n<meta property=\"article:publisher\" content=\"https:\/\/www.facebook.com\/ecoquartierstras\/\" \/>\n<meta property=\"article:modified_time\" content=\"2024-01-25T17:35:32+00:00\" \/>\n<meta property=\"og:image\" content=\"http:\/\/www.ecoquartier-strasbourg.fr\/wp-content\/uploads\/2017\/06\/IMG_1470-200x300.jpg\" \/>\n<meta name=\"twitter:card\" content=\"summary_large_image\" \/>\n<meta name=\"twitter:label1\" content=\"Dur\u00e9e de lecture estim\u00e9e\" \/>\n\t<meta name=\"twitter:data1\" content=\"1 minute\" \/>\n<script type=\"application\/ld+json\" class=\"yoast-schema-graph\">{\"@context\":\"https:\/\/schema.org\",\"@graph\":[{\"@type\":\"WebPage\",\"@id\":\"https:\/\/www.ecoquartier-strasbourg.fr\/index.php\/formation\/\",\"url\":\"https:\/\/www.ecoquartier-strasbourg.fr\/index.php\/formation\/\",\"name\":\"Formations - Eco-quartier Strasbourg\",\"isPartOf\":{\"@id\":\"http:\/\/www.ecoquartier-strasbourg.fr\/#website\"},\"primaryImageOfPage\":{\"@id\":\"https:\/\/www.ecoquartier-strasbourg.fr\/index.php\/formation\/#primaryimage\"},\"image\":{\"@id\":\"https:\/\/www.ecoquartier-strasbourg.fr\/index.php\/formation\/#primaryimage\"},\"thumbnailUrl\":\"http:\/\/www.ecoquartier-strasbourg.fr\/wp-content\/uploads\/2017\/06\/IMG_1470-200x300.jpg\",\"datePublished\":\"2017-06-21T08:43:57+00:00\",\"dateModified\":\"2024-01-25T17:35:32+00:00\",\"breadcrumb\":{\"@id\":\"https:\/\/www.ecoquartier-strasbourg.fr\/index.php\/formation\/#breadcrumb\"},\"inLanguage\":\"fr-FR\",\"potentialAction\":[{\"@type\":\"ReadAction\",\"target\":[\"https:\/\/www.ecoquartier-strasbourg.fr\/index.php\/formation\/\"]}]},{\"@type\":\"ImageObject\",\"inLanguage\":\"fr-FR\",\"@id\":\"https:\/\/www.ecoquartier-strasbourg.fr\/index.php\/formation\/#primaryimage\",\"url\":\"https:\/\/www.ecoquartier-strasbourg.fr\/wp-content\/uploads\/2017\/06\/IMG_1470.jpg\",\"contentUrl\":\"https:\/\/www.ecoquartier-strasbourg.fr\/wp-content\/uploads\/2017\/06\/IMG_1470.jpg\",\"width\":1728,\"height\":2592},{\"@type\":\"BreadcrumbList\",\"@id\":\"https:\/\/www.ecoquartier-strasbourg.fr\/index.php\/formation\/#breadcrumb\",\"itemListElement\":[{\"@type\":\"ListItem\",\"position\":1,\"name\":\"Accueil\",\"item\":\"http:\/\/www.ecoquartier-strasbourg.fr\/\"},{\"@type\":\"ListItem\",\"position\":2,\"name\":\"Formations\"}]},{\"@type\":\"WebSite\",\"@id\":\"http:\/\/www.ecoquartier-strasbourg.fr\/#website\",\"url\":\"http:\/\/www.ecoquartier-strasbourg.fr\/\",\"name\":\"Eco-quartier Strasbourg\",\"description\":\"association citoyenne pour un mode de vie durable et \u00e9conome en ressources\",\"publisher\":{\"@id\":\"http:\/\/www.ecoquartier-strasbourg.fr\/#organization\"},\"potentialAction\":[{\"@type\":\"SearchAction\",\"target\":{\"@type\":\"EntryPoint\",\"urlTemplate\":\"http:\/\/www.ecoquartier-strasbourg.fr\/?s={search_term_string}\"},\"query-input\":\"required name=search_term_string\"}],\"inLanguage\":\"fr-FR\"},{\"@type\":\"Organization\",\"@id\":\"http:\/\/www.ecoquartier-strasbourg.fr\/#organization\",\"name\":\"Eco-Quartier Strasbourg\",\"url\":\"http:\/\/www.ecoquartier-strasbourg.fr\/\",\"logo\":{\"@type\":\"ImageObject\",\"inLanguage\":\"fr-FR\",\"@id\":\"http:\/\/www.ecoquartier-strasbourg.fr\/#\/schema\/logo\/image\/\",\"url\":\"https:\/\/www.ecoquartier-strasbourg.fr\/wp-content\/uploads\/2017\/06\/ROND-LOGO-EQS.png\",\"contentUrl\":\"https:\/\/www.ecoquartier-strasbourg.fr\/wp-content\/uploads\/2017\/06\/ROND-LOGO-EQS.png\",\"width\":284,\"height\":283,\"caption\":\"Eco-Quartier Strasbourg\"},\"image\":{\"@id\":\"http:\/\/www.ecoquartier-strasbourg.fr\/#\/schema\/logo\/image\/\"},\"sameAs\":[\"https:\/\/www.facebook.com\/ecoquartierstras\/\",\"https:\/\/www.youtube.com\/channel\/UCiBoGfYTElpjX9ESJJPeY3g\/playlists\"]}]}<\/script>\n<!-- \/ Yoast SEO plugin. -->","yoast_head_json":{"title":"Formations - Eco-quartier Strasbourg","robots":{"index":"index","follow":"follow","max-snippet":"max-snippet:-1","max-image-preview":"max-image-preview:large","max-video-preview":"max-video-preview:-1"},"canonical":"https:\/\/www.ecoquartier-strasbourg.fr\/index.php\/formation\/","og_locale":"fr_FR","og_type":"article","og_title":"Formations - Eco-quartier Strasbourg","og_description":"Nous transmettons avec plaisir et joie notre exp\u00e9rience et nos apprentissages dans &#8211; l&rsquo;animation et la facilitation de projets collectifs &#8211; les outils d&rsquo;intelligence collective &#8211; la facilitation graphique &#8211; le montage d&rsquo;un projet d&rsquo;habitat participatif (les diff\u00e9rentes formes juridiques, le montage financier d\u2019une op\u00e9ration d\u2019HP, les coop\u00e9ratives d\u2019habitants, la\u2026 Lire la suite","og_url":"https:\/\/www.ecoquartier-strasbourg.fr\/index.php\/formation\/","og_site_name":"Eco-quartier Strasbourg","article_publisher":"https:\/\/www.facebook.com\/ecoquartierstras\/","article_modified_time":"2024-01-25T17:35:32+00:00","og_image":[{"url":"http:\/\/www.ecoquartier-strasbourg.fr\/wp-content\/uploads\/2017\/06\/IMG_1470-200x300.jpg"}],"twitter_card":"summary_large_image","twitter_misc":{"Dur\u00e9e de lecture estim\u00e9e":"1 minute"},"schema":{"@context":"https:\/\/schema.org","@graph":[{"@type":"WebPage","@id":"https:\/\/www.ecoquartier-strasbourg.fr\/index.php\/formation\/","url":"https:\/\/www.ecoquartier-strasbourg.fr\/index.php\/formation\/","name":"Formations - Eco-quartier Strasbourg","isPartOf":{"@id":"http:\/\/www.ecoquartier-strasbourg.fr\/#website"},"primaryImageOfPage":{"@id":"https:\/\/www.ecoquartier-strasbourg.fr\/index.php\/formation\/#primaryimage"},"image":{"@id":"https:\/\/www.ecoquartier-strasbourg.fr\/index.php\/formation\/#primaryimage"},"thumbnailUrl":"http:\/\/www.ecoquartier-strasbourg.fr\/wp-content\/uploads\/2017\/06\/IMG_1470-200x300.jpg","datePublished":"2017-06-21T08:43:57+00:00","dateModified":"2024-01-25T17:35:32+00:00","breadcrumb":{"@id":"https:\/\/www.ecoquartier-strasbourg.fr\/index.php\/formation\/#breadcrumb"},"inLanguage":"fr-FR","potentialAction":[{"@type":"ReadAction","target":["https:\/\/www.ecoquartier-strasbourg.fr\/index.php\/formation\/"]}]},{"@type":"ImageObject","inLanguage":"fr-FR","@id":"https:\/\/www.ecoquartier-strasbourg.fr\/index.php\/formation\/#primaryimage","url":"https:\/\/www.ecoquartier-strasbourg.fr\/wp-content\/uploads\/2017\/06\/IMG_1470.jpg","contentUrl":"https:\/\/www.ecoquartier-strasbourg.fr\/wp-content\/uploads\/2017\/06\/IMG_1470.jpg","width":1728,"height":2592},{"@type":"BreadcrumbList","@id":"https:\/\/www.ecoquartier-strasbourg.fr\/index.php\/formation\/#breadcrumb","itemListElement":[{"@type":"ListItem","position":1,"name":"Accueil","item":"http:\/\/www.ecoquartier-strasbourg.fr\/"},{"@type":"ListItem","position":2,"name":"Formations"}]},{"@type":"WebSite","@id":"http:\/\/www.ecoquartier-strasbourg.fr\/#website","url":"http:\/\/www.ecoquartier-strasbourg.fr\/","name":"Eco-quartier Strasbourg","description":"association citoyenne pour un mode de vie durable et \u00e9conome en ressources","publisher":{"@id":"http:\/\/www.ecoquartier-strasbourg.fr\/#organization"},"potentialAction":[{"@type":"SearchAction","target":{"@type":"EntryPoint","urlTemplate":"http:\/\/www.ecoquartier-strasbourg.fr\/?s={search_term_string}"},"query-input":"required name=search_term_string"}],"inLanguage":"fr-FR"},{"@type":"Organization","@id":"http:\/\/www.ecoquartier-strasbourg.fr\/#organization","name":"Eco-Quartier Strasbourg","url":"http:\/\/www.ecoquartier-strasbourg.fr\/","logo":{"@type":"ImageObject","inLanguage":"fr-FR","@id":"http:\/\/www.ecoquartier-strasbourg.fr\/#\/schema\/logo\/image\/","url":"https:\/\/www.ecoquartier-strasbourg.fr\/wp-content\/uploads\/2017\/06\/ROND-LOGO-EQS.png","contentUrl":"https:\/\/www.ecoquartier-strasbourg.fr\/wp-content\/uploads\/2017\/06\/ROND-LOGO-EQS.png","width":284,"height":283,"caption":"Eco-Quartier Strasbourg"},"image":{"@id":"http:\/\/www.ecoquartier-strasbourg.fr\/#\/schema\/logo\/image\/"},"sameAs":["https:\/\/www.facebook.com\/ecoquartierstras\/","https:\/\/www.youtube.com\/channel\/UCiBoGfYTElpjX9ESJJPeY3g\/playlists"]}]}},"_links":{"self":[{"href":"https:\/\/www.ecoquartier-strasbourg.fr\/index.php\/wp-json\/wp\/v2\/pages\/167"}],"collection":[{"href":"https:\/\/www.ecoquartier-strasbourg.fr\/index.php\/wp-json\/wp\/v2\/pages"}],"about":[{"href":"https:\/\/www.ecoquartier-strasbourg.fr\/index.php\/wp-json\/wp\/v2\/types\/page"}],"author":[{"embeddable":true,"href":"https:\/\/www.ecoquartier-strasbourg.fr\/index.php\/wp-json\/wp\/v2\/users\/1"}],"replies":[{"embeddable":true,"href":"https:\/\/www.ecoquartier-strasbourg.fr\/index.php\/wp-json\/wp\/v2\/comments?post=167"}],"version-history":[{"count":7,"href":"https:\/\/www.ecoquartier-strasbourg.fr\/index.php\/wp-json\/wp\/v2\/pages\/167\/revisions"}],"predecessor-version":[{"id":1234,"href":"https:\/\/www.ecoquartier-strasbourg.fr\/index.php\/wp-json\/wp\/v2\/pages\/167\/revisions\/1234"}],"wp:attachment":[{"href":"https:\/\/www.ecoquartier-strasbourg.fr\/index.php\/wp-json\/wp\/v2\/media?parent=167"}],"curies":[{"name":"wp","href":"https:\/\/api.w.org\/{rel}","templated":true}]}}